{"id":1063315,"date":"2025-01-15T12:32:48","date_gmt":"2025-01-15T12:32:48","guid":{"rendered":"https:\/\/gpdstore.net\/?post_type=product&#038;p=1063315"},"modified":"2026-01-19T14:31:37","modified_gmt":"2026-01-19T14:31:37","slug":"gpd-win-mini-2025","status":"publish","type":"product","link":"https:\/\/gpdstore.net\/hu\/product\/gpd-win-mini-2025\/","title":{"rendered":"GPD WIN Mini 2025 j\u00e1t\u00e9k k\u00e9zi PC"},"content":{"rendered":"\n<div class=\"wp-block-columns is-layout-flex wp-container-core-columns-is-layout-28f84493 wp-block-columns-is-layout-flex\">\n<div class=\"wp-block-column is-layout-flow wp-block-column-is-layout-flow\" style=\"flex-basis:33.33%\">\n<figure class=\"wp-block-image size-full\"><a href=\"https:\/\/gpdstore.net\/wp-content\/uploads\/2025\/01\/GPD-WIN-MINI-2025-INFOGRAPHIC-GENERIC-01-1.png\"><img fetchpriority=\"high\" decoding=\"async\" width=\"1200\" height=\"1200\" src=\"https:\/\/gpdstore.net\/wp-content\/uploads\/2025\/01\/GPD-WIN-MINI-2025-INFOGRAPHIC-GENERIC-01-1.png\" alt=\"Kez&#xE9;ben a GPD Win Mini 2025, egy 7 h&#xFC;velykes, 120 Hz-es VRR-kijelz&#x151;vel ell&#xE1;tott, AMD Ryzen AI 9 HX 365\/370 vagy Ryzen 7 8840U processzorokkal hajtott, kagyl&#xF3;h&#xE9;j&#xFA; k&#xE9;zi sz&#xE1;m&#xED;t&#xF3;g&#xE9;p. Ak&#xE1;r 64 GB RAM-mal &#xE9;s 4 TB NVMe-t&#xE1;rol&#xF3;val rendelkezik, &#xE9;s j&#xE1;t&#xE9;kra &#xE9;s termel&#xE9;kenys&#xE9;gre optimaliz&#xE1;lt Hall Effect joystickkal, teljes QWERTY-billenty&#x171;zettel, valamint leny&#x171;g&#xF6;z&#x151; cyberpunk t&#xE9;m&#xE1;j&#xFA; vizu&#xE1;lis megjelen&#xED;t&#xE9;ssel a k&#xE9;perny&#x151;n. \" class=\"wp-image-1263464\" srcset=\"https:\/\/gpdstore.net\/wp-content\/uploads\/2025\/01\/GPD-WIN-MINI-2025-INFOGRAPHIC-GENERIC-01-1.png 1200w, https:\/\/gpdstore.net\/wp-content\/uploads\/2025\/01\/GPD-WIN-MINI-2025-INFOGRAPHIC-GENERIC-01-1-600x600.png 600w, https:\/\/gpdstore.net\/wp-content\/uploads\/2025\/01\/GPD-WIN-MINI-2025-INFOGRAPHIC-GENERIC-01-1-150x150.png 150w, https:\/\/gpdstore.net\/wp-content\/uploads\/2025\/01\/GPD-WIN-MINI-2025-INFOGRAPHIC-GENERIC-01-1-768x768.png 768w, https:\/\/gpdstore.net\/wp-content\/uploads\/2025\/01\/GPD-WIN-MINI-2025-INFOGRAPHIC-GENERIC-01-1-65x65.png 65w, https:\/\/gpdstore.net\/wp-content\/uploads\/2025\/01\/GPD-WIN-MINI-2025-INFOGRAPHIC-GENERIC-01-1-360x360.png 360w, https:\/\/gpdstore.net\/wp-content\/uploads\/2025\/01\/GPD-WIN-MINI-2025-INFOGRAPHIC-GENERIC-01-1-990x990.png 990w, https:\/\/gpdstore.net\/wp-content\/uploads\/2025\/01\/GPD-WIN-MINI-2025-INFOGRAPHIC-GENERIC-01-1-441x441.png 441w, https:\/\/gpdstore.net\/wp-content\/uploads\/2025\/01\/GPD-WIN-MINI-2025-INFOGRAPHIC-GENERIC-01-1-100x100.png 100w\" sizes=\"(max-width: 1200px) 100vw, 1200px\" \/><\/a><\/figure>\n<\/div>\n\n\n\n<div class=\"wp-block-column is-layout-flow wp-block-column-is-layout-flow\" style=\"flex-basis:66.66%\">\n<h2 class=\"wp-block-heading\">GPD WIN Mini 2025 k\u00e9zi j\u00e1t\u00e9k PC &#8211; AMD Ryzen AI 9 HX 370 (Zen 5), 7&#8243; 120Hz-es VRR kijelz\u0151, 32GB LPDDR5x, M.2 2280 t\u00e1mogat\u00e1ssal <\/h2>\n\n\n\n<p>Tapasztald meg a j\u00e1t\u00e9k j\u00f6v\u0151j\u00e9t a GPD WIN Mini 2025-tel, amely a teljes\u00edtm\u00e9ny, a pontoss\u00e1g \u00e9s a hordozhat\u00f3s\u00e1g t\u00f6k\u00e9letes \u00f6tv\u00f6zete. El\u0151dje siker\u00e9re \u00e9p\u00edtve ez a k\u00e9zi j\u00e1t\u00e9k-PC olyan \u00e9lvonalbeli fejleszt\u00e9sekkel b\u00fcszk\u00e9lkedhet, amelyek kiv\u00e1l\u00f3 j\u00e1t\u00e9k\u00e9lm\u00e9nyt ny\u00fajtanak. A jobb fog\u00e1st biztos\u00edt\u00f3, tov\u00e1bbfejlesztett m\u00e9retekkel, forradalmi h\u0171t\u0151rendszerrel \u00e9s fejlett audiofunkci\u00f3kkal a GPD WIN Mini 2025 ide\u00e1lis t\u00e1rs a mozg\u00e1sban l\u00e9v\u0151 j\u00e1t\u00e9kosok sz\u00e1m\u00e1ra.  <\/p>\n\n\n\n<p>A GPD WIN Mini 2025 \u00faj m\u00e9rc\u00e9t \u00e1ll\u00edt fel a hordozhat\u00f3 j\u00e1t\u00e9kok ter\u00e9n, mivel p\u00e1ratlan teljes\u00edtm\u00e9nyt \u00e9s ergonomikus kialak\u00edt\u00e1st \u00f6tv\u00f6z. xtapasztalja meg a gener\u00e1ci\u00f3s ugr\u00e1st az AMD <a href=\"https:\/\/gpdstore.net\/product-attribute\/processor-cpu-model\/ryzen-ai-9-hx-370\/\" target=\"_blank\" rel=\"noreferrer noopener\">Ryzen\u2122 AI 9 HX 370 processzorral .<\/a> A Zen 5 architekt\u00far\u00e1ra \u00e9p\u00fcl\u0151 12-magos fenevad asztali kateg\u00f3ri\u00e1s IPC-t biztos\u00edt. A Radeon 890M GPU-val p\u00e1ros\u00edtva a WIN Mini 2025 ak\u00e1r 30%-kal jobb k\u00e9pkockasebess\u00e9get k\u00edn\u00e1l AAA c\u00edmekben a kor\u00e1bbi AMD <a href=\"https:\/\/gpdstore.net\/product-attribute\/processor-cpu-model\/ryzen-7-8840u\/\" target=\"_blank\" rel=\"noreferrer noopener\">Ryzen\u2122 7 8840U modellekhez<\/a> k\u00e9pest.   <\/p>\n<\/div>\n<\/div>\n\n<hr class=\"wp-block-separator has-alpha-channel-opacity\"\/>\n\n<h2 class=\"wp-block-heading has-text-align-center\"><strong>Hogyan \u00e9r el a GPD WIN Mini 2025 asztali kateg\u00f3ri\u00e1s teljes\u00edtm\u00e9nyt?<\/strong><\/h2>\n\n<div class=\"wp-block-columns is-layout-flex wp-container-core-columns-is-layout-28f84493 wp-block-columns-is-layout-flex\">\n<div class=\"wp-block-column is-layout-flow wp-block-column-is-layout-flow\">\n<figure class=\"wp-block-image size-full\"><a href=\"https:\/\/gpdstore.net\/wp-content\/uploads\/2025\/01\/GPD-WIN-MINI-2025-A-M-07.jpg\"><img decoding=\"async\" width=\"600\" height=\"450\" src=\"https:\/\/gpdstore.net\/wp-content\/uploads\/2025\/01\/GPD-WIN-MINI-2025-A-M-07.jpg\" alt=\"A GPD Win Mini 2025 teljes QWERTY billenty&#x171;zet&#xE9;nek &#xE9;s multi-touch &#xE9;rint&#x151;padj&#xE1;nak fel&#xFC;ln&#xE9;zetb&#x151;l t&#xF6;rt&#xE9;n&#x151; megtekint&#xE9;se, amely intuit&#xED;v vez&#xE9;rl&#x151;ket &#xE9;s ergonomikus elhelyez&#xE9;st mutat a z&#xF6;kken&#x151;mentes g&#xE9;pel&#xE9;s &#xE9;s navig&#xE1;ci&#xF3; &#xE9;rdek&#xE9;ben.\" class=\"wp-image-1263465\" srcset=\"https:\/\/gpdstore.net\/wp-content\/uploads\/2025\/01\/GPD-WIN-MINI-2025-A-M-07.jpg 600w, https:\/\/gpdstore.net\/wp-content\/uploads\/2025\/01\/GPD-WIN-MINI-2025-A-M-07-360x270.jpg 360w, https:\/\/gpdstore.net\/wp-content\/uploads\/2025\/01\/GPD-WIN-MINI-2025-A-M-07-441x331.jpg 441w, https:\/\/gpdstore.net\/wp-content\/uploads\/2025\/01\/GPD-WIN-MINI-2025-A-M-07-150x113.jpg 150w\" sizes=\"(max-width: 600px) 100vw, 600px\" \/><\/a><\/figure>\n\n\n\n<h3 class=\"wp-block-heading\"><strong><strong>Fenntartott k\u00e9nyelem: A 2 mm-es fokozott fog\u00e1s \u00e9s a k\u00f6nny\u0171 tart\u00f3ss\u00e1g<\/strong><\/strong><\/h3>\n\n\n\n<p>A GPD WIN Mini 2025 kifinomult kialak\u00edt\u00e1s\u00fa, 2 mm-rel sz\u00e9lesebb \u00e9s 1 mm-rel vastagabb, ami fokozott tapad\u00e1st \u00e9s jobb kezelhet\u0151s\u00e9get biztos\u00edt. Ezek az ergon\u00f3miai fejleszt\u00e9sek kiv\u00e1l\u00f3 k\u00e9nyelmet biztos\u00edtanak a hosszabb j\u00e1t\u00e9kmenetek sor\u00e1n, biztons\u00e1gos \u00e9s term\u00e9szetes \u00e9rz\u00e9st ny\u00fajtva a kezedben. A robusztusabb fel\u00e9p\u00edt\u00e9s ellen\u00e9re a k\u00e9sz\u00fcl\u00e9k k\u00f6nny\u0171 \u00e9s hordozhat\u00f3 marad, \u00edgy a tart\u00f3ss\u00e1g \u00e9s a mobilit\u00e1s t\u00f6k\u00e9letes egyens\u00faly\u00e1t k\u00edn\u00e1lja.  <br\/><br\/><\/p>\n<\/div>\n\n\n\n<div class=\"wp-block-column is-layout-flow wp-block-column-is-layout-flow\">\n<figure class=\"wp-block-image size-full\"><a href=\"https:\/\/gpdstore.net\/wp-content\/uploads\/2025\/01\/GPD-WIN-MINI-2025-A-M-01-1.jpg\"><img decoding=\"async\" width=\"600\" height=\"450\" src=\"https:\/\/gpdstore.net\/wp-content\/uploads\/2025\/01\/GPD-WIN-MINI-2025-A-M-01-1.jpg\" alt=\"K&#xF6;zelk&#xE9;p a GPD Win Mini 2025 Hall Effect joystickj&#xE1;r&#xF3;l, amely a s&#xFC;llyesztett kialak&#xED;t&#xE1;st &#xE9;s a prec&#xED;zi&#xF3;s kialak&#xED;t&#xE1;st mutatja be a sima, pontos j&#xE1;t&#xE9;kvez&#xE9;rl&#xE9;s &#xE9;rdek&#xE9;ben.\" class=\"wp-image-1263468\" srcset=\"https:\/\/gpdstore.net\/wp-content\/uploads\/2025\/01\/GPD-WIN-MINI-2025-A-M-01-1.jpg 600w, https:\/\/gpdstore.net\/wp-content\/uploads\/2025\/01\/GPD-WIN-MINI-2025-A-M-01-1-360x270.jpg 360w, https:\/\/gpdstore.net\/wp-content\/uploads\/2025\/01\/GPD-WIN-MINI-2025-A-M-01-1-441x331.jpg 441w, https:\/\/gpdstore.net\/wp-content\/uploads\/2025\/01\/GPD-WIN-MINI-2025-A-M-01-1-150x113.jpg 150w\" sizes=\"(max-width: 600px) 100vw, 600px\" \/><\/a><\/figure>\n\n\n\n<h3 class=\"wp-block-heading\"><strong>A prec\u00edzi\u00f3san kialak\u00edtott joystickok hat\u00e1sa a pontoss\u00e1gra \u00e9s a visszat\u00e9r\u00e9si ar\u00e1nyra<\/strong><\/h3>\n\n\n\n<p>A GPD WIN Mini 2025 Hall Effect mini joystickokkal van felszerelve, amelyek s\u00fcllyesztett kialak\u00edt\u00e1s\u00faak \u00e9s az L3 \u00e9s R3 gombok lefel\u00e9 nyom\u00f3 funkci\u00f3j\u00e1val rendelkeznek. Ezek a v\u00e9gtelen \u00e1ll\u00edt\u00e1si lehet\u0151s\u00e9gre \u00e9p\u00edtett joystickok szuperline\u00e1ris v\u00e1laszt k\u00edn\u00e1lnak, amely z\u00f6kken\u0151mentes pontoss\u00e1got biztos\u00edt. Kalibr\u00e1l\u00e1s ut\u00e1n 37,5%-os javul\u00e1st biztos\u00edtanak a visszat\u00e9r\u00e9si pontoss\u00e1gban \u00e9s 25%-os n\u00f6veked\u00e9st a fesz\u00fclts\u00e9goszt\u00e1s pontoss\u00e1g\u00e1ban a hagyom\u00e1nyos joystickokhoz k\u00e9pest.  <\/p>\n<\/div>\n\n\n\n<div class=\"wp-block-column is-layout-flow wp-block-column-is-layout-flow\">\n<figure class=\"wp-block-image size-full\"><a href=\"https:\/\/gpdstore.net\/wp-content\/uploads\/2025\/01\/GPD-WIN-MINI-2025-A-M-05.jpg\"><img loading=\"lazy\" decoding=\"async\" width=\"600\" height=\"450\" src=\"https:\/\/gpdstore.net\/wp-content\/uploads\/2025\/01\/GPD-WIN-MINI-2025-A-M-05.jpg\" alt=\"A kompakt &#xE9;s eleg&#xE1;ns GPD Win Mini 2025 k&#xE9;zi j&#xE1;t&#xE9;kkonzol kagyl&#xF3;h&#xE9;j kialak&#xED;t&#xE1;s&#xFA;, a k&#xE9;perny&#x151; &#xE9;s a billenty&#x171;zet kinyitva l&#xE1;that&#xF3;, &#xED;gy mutatva be ergonomikus &#xE9;s hordozhat&#xF3; fel&#xE9;p&#xED;t&#xE9;s&#xE9;t.\" class=\"wp-image-1263469\" srcset=\"https:\/\/gpdstore.net\/wp-content\/uploads\/2025\/01\/GPD-WIN-MINI-2025-A-M-05.jpg 600w, https:\/\/gpdstore.net\/wp-content\/uploads\/2025\/01\/GPD-WIN-MINI-2025-A-M-05-360x270.jpg 360w, https:\/\/gpdstore.net\/wp-content\/uploads\/2025\/01\/GPD-WIN-MINI-2025-A-M-05-441x331.jpg 441w, https:\/\/gpdstore.net\/wp-content\/uploads\/2025\/01\/GPD-WIN-MINI-2025-A-M-05-150x113.jpg 150w\" sizes=\"(max-width: 600px) 100vw, 600px\" \/><\/a><\/figure>\n\n\n\n<h3 class=\"wp-block-heading\"><strong><strong><strong>A kagyl\u00f3h\u00e9j el\u0151nye: Hogyan n\u00f6veli a kialak\u00edt\u00e1s a tart\u00f3ss\u00e1got \u00e9s az ultrahordozhat\u00f3s\u00e1got?<\/strong><\/strong><\/strong><\/h3>\n\n\n\n<p>A GPD WIN Mini 2025 egy kompakt, kagyl\u00f3h\u00e9j\u00fa k\u00e9zi j\u00e1t\u00e9kkonzol \u00e9s mini-PC, amely eleg\u00e1ns eszt\u00e9tik\u00e1t \u00e9s er\u0151teljes funkcionalit\u00e1st \u00f6tv\u00f6z. \u00d6sszecsukhat\u00f3 kialak\u00edt\u00e1sa v\u00e9di a k\u00e9perny\u0151t \u00e9s a billenty\u0171zetet, fokozott tart\u00f3ss\u00e1got \u00e9s k\u00f6nnyed hordozhat\u00f3s\u00e1got biztos\u00edt. A nagy felbont\u00e1s\u00fa kijelz\u0151vel, \u00e9rz\u00e9keny kezel\u0151szervekkel \u00e9s teljes QWERTY-billenty\u0171zettel felszerelt konzol k\u00e9nyelmes \u00e9s ergonomikus \u00e9lm\u00e9nyt ny\u00fajt a j\u00e1t\u00e9khoz, a munk\u00e1hoz \u00e9s a multitaskinghoz \u00fatk\u00f6zben.  <br\/><\/p>\n<\/div>\n<\/div>\n\n<hr class=\"wp-block-separator has-alpha-channel-opacity\"\/>\n\n<h2 class=\"wp-block-heading has-text-align-center\"><strong>P\u00e1ratlan csatlakoztathat\u00f3s\u00e1g \u00e9s teljes\u00edtm\u00e9ny: C t\u00edpus\u00fa USB \u00e9s optimaliz\u00e1lt h\u0171t\u00e9s.<\/strong><\/h2>\n\n<div class=\"wp-block-columns is-layout-flex wp-container-core-columns-is-layout-28f84493 wp-block-columns-is-layout-flex\">\n<div class=\"wp-block-column is-layout-flow wp-block-column-is-layout-flow\" style=\"flex-basis:33.33%\">\n<figure class=\"wp-block-image size-full\"><a href=\"https:\/\/gpdstore.net\/wp-content\/uploads\/2025\/01\/GPD-WIN-MINI-2025-A-M-06.jpg\"><img loading=\"lazy\" decoding=\"async\" width=\"600\" height=\"450\" src=\"https:\/\/gpdstore.net\/wp-content\/uploads\/2025\/01\/GPD-WIN-MINI-2025-A-M-06.jpg\" alt=\"A GPD Win Mini 2025 a GPD G1 eGPU dokkol&#xF3;hoz csatlakozik, &#xE9;s a nagy sebess&#xE9;g&#x171; USB4 csatlakoztathat&#xF3;s&#xE1;g r&#xE9;v&#xE9;n z&#xF6;kken&#x151;mentes integr&#xE1;ci&#xF3;t biztos&#xED;t a j&#xE1;t&#xE9;k &#xE9;s a termel&#xE9;kenys&#xE9;g jav&#xED;t&#xE1;s&#xE1;hoz.\" class=\"wp-image-1263470\" srcset=\"https:\/\/gpdstore.net\/wp-content\/uploads\/2025\/01\/GPD-WIN-MINI-2025-A-M-06.jpg 600w, https:\/\/gpdstore.net\/wp-content\/uploads\/2025\/01\/GPD-WIN-MINI-2025-A-M-06-360x270.jpg 360w, https:\/\/gpdstore.net\/wp-content\/uploads\/2025\/01\/GPD-WIN-MINI-2025-A-M-06-441x331.jpg 441w, https:\/\/gpdstore.net\/wp-content\/uploads\/2025\/01\/GPD-WIN-MINI-2025-A-M-06-150x113.jpg 150w\" sizes=\"(max-width: 600px) 100vw, 600px\" \/><\/a><\/figure>\n<\/div>\n\n\n\n<div class=\"wp-block-column is-layout-flow wp-block-column-is-layout-flow\" style=\"flex-basis:66.66%\">\n<h3 class=\"wp-block-heading\">Kiv\u00e1l\u00f3 termikus megold\u00e1s: Gen 2 port sebess\u00e9ge: 35W TDP sk\u00e1l\u00e1z\u00e1s \u00e9s USB 3.2 Gen 2 port sebess\u00e9ge<\/h3>\n\n\n\n<p>A GPD WIN Mini 2025 egy \u00e9lvonalbeli, teljes k\u00f6r\u0171 Type-C porttal van felszerelve, amely z\u00f6kken\u0151mentesen kezeli a t\u00f6lt\u00e9st, az audi\u00f3t, a vide\u00f3t \u00e9s az adat\u00e1tvitelt egyetlen kapcsolaton kereszt\u00fcl. Ez a sokoldal\u00fa port az USB4 port mellett nagysebess\u00e9g\u0171 funkcionalit\u00e1st biztos\u00edt az USB 3.2 Gen 2 s\u00e1vsz\u00e9less\u00e9ggel \u00e9s a 8K@60Hz-es k\u00fcls\u0151 kijelz\u0151k t\u00e1mogat\u00e1s\u00e1val, emelve a csatlakoz\u00e1si lehet\u0151s\u00e9geket. <\/p>\n\n\n\n<p>Ehhez p\u00e1rosul egy kiv\u00e1l\u00f3 h\u0171t\u0151rendszer, amelyet a cs\u00facsteljes\u00edtm\u00e9nyre terveztek. A meg\u00fajult h\u0151elvezet\u0151 modullal \u00e9s tov\u00e1bbfejlesztett ventil\u00e1torral ell\u00e1tott eszk\u00f6z k\u00f6nnyed\u00e9n kezeli az alap\u00e9rtelmezett 28 W TDP-t, intenz\u00edv feladatok eset\u00e9n pedig 35 W TDP-re n\u00f6velhet\u0151. Ez a fejlett termikus megold\u00e1s stabil teljes\u00edtm\u00e9nyt, z\u00f6kken\u0151mentesebb j\u00e1t\u00e9kot \u00e9s hat\u00e9kony multitaskingot garant\u00e1l, mik\u00f6zben hat\u00e9konyan megakad\u00e1lyozza a t\u00falmeleged\u00e9st.  <\/p>\n<\/div>\n<\/div>\n\n<div class=\"wp-block-columns is-layout-flex wp-container-core-columns-is-layout-28f84493 wp-block-columns-is-layout-flex\">\n<div class=\"wp-block-column is-layout-flow wp-block-column-is-layout-flow\">\n<figure class=\"wp-block-image size-full\"><a href=\"https:\/\/gpdstore.net\/wp-content\/uploads\/2025\/01\/GPD-WIN-MINI-2025-A-M-04.jpg\"><img loading=\"lazy\" decoding=\"async\" width=\"600\" height=\"450\" src=\"https:\/\/gpdstore.net\/wp-content\/uploads\/2025\/01\/GPD-WIN-MINI-2025-A-M-04.jpg\" alt=\"K&#xF6;zelk&#xE9;p a GPD Win Mini 2025 programozhat&#xF3; L4 &#xE9;s R4 makr&#xF3; billenty&#x171;ir&#x151;l, amelyeket az &#xF6;sszetett parancsok egyszer&#x171;s&#xED;t&#xE9;s&#xE9;re szolg&#xE1;l&#xF3;, testreszabhat&#xF3; gyorsbillenty&#x171;kh&#xF6;z terveztek.\" class=\"wp-image-1263471\" srcset=\"https:\/\/gpdstore.net\/wp-content\/uploads\/2025\/01\/GPD-WIN-MINI-2025-A-M-04.jpg 600w, https:\/\/gpdstore.net\/wp-content\/uploads\/2025\/01\/GPD-WIN-MINI-2025-A-M-04-360x270.jpg 360w, https:\/\/gpdstore.net\/wp-content\/uploads\/2025\/01\/GPD-WIN-MINI-2025-A-M-04-441x331.jpg 441w, https:\/\/gpdstore.net\/wp-content\/uploads\/2025\/01\/GPD-WIN-MINI-2025-A-M-04-150x113.jpg 150w\" sizes=\"(max-width: 600px) 100vw, 600px\" \/><\/a><\/figure>\n\n\n\n<h3 class=\"wp-block-heading\"><strong><strong>Z\u00f6kken\u0151mentes vez\u00e9rl\u00e9sv\u00e1lt\u00e1s: Eg\u00e9r \u00e9s Joystick kapcsol\u00f3 billenty\u0171k \u00e1thelyez\u00e9se<\/strong><\/strong><\/h3>\n\n\n\n<p>A GPD WIN Mini 2025 a k\u00f6vetkez\u0151 szintre emeli a vez\u00e9rl\u00e9st a programozhat\u00f3 makr\u00f3 billenty\u0171kkel (L4 \u00e9s R4), amelyek k\u00e9nyelmesen elhelyezhet\u0151k a vez\u00e9rl\u0151 C-oldal\u00e1n. Az intuit\u00edv WinControls eszk\u00f6zzel a felhaszn\u00e1l\u00f3k k\u00f6nnyen hozz\u00e1rendelhetnek \u00f6sszetett kombin\u00e1ci\u00f3s m\u0171veleteket ezekhez a billenty\u0171kh\u00f6z, lehet\u0151v\u00e9 t\u00e9ve a z\u00f6kken\u0151mentes v\u00e9grehajt\u00e1st egyetlen nyom\u00e1ssal. Ez a funkci\u00f3 egyszer\u0171s\u00edti a j\u00e1t\u00e9kmechanik\u00e1t, k\u00fcl\u00f6n\u00f6sen a PC-s online j\u00e1t\u00e9kok eset\u00e9ben, mivel cs\u00f6kkenti a t\u00f6bbsz\u00f6r\u00f6s bevitel sz\u00fcks\u00e9gess\u00e9g\u00e9t. Az L4 \u00e9s R4 makr\u00f3 billenty\u0171k hozz\u00e1ad\u00e1sa fokozza a testreszab\u00e1st, lehet\u0151v\u00e9 t\u00e9ve a szem\u00e9lyre szabottabb \u00e9s mag\u00e1val ragad\u00f3bb j\u00e1t\u00e9k\u00e9lm\u00e9nyt, amely alkalmazkodik az egyedi j\u00e1t\u00e9kst\u00edlushoz.   <br\/><\/p>\n<\/div>\n\n\n\n<div class=\"wp-block-column is-layout-flow wp-block-column-is-layout-flow\">\n<figure class=\"wp-block-image size-full\"><a href=\"https:\/\/gpdstore.net\/wp-content\/uploads\/2025\/01\/GPD-WIN-MINI-2025-A-M-03.jpg\"><img loading=\"lazy\" decoding=\"async\" width=\"600\" height=\"450\" src=\"https:\/\/gpdstore.net\/wp-content\/uploads\/2025\/01\/GPD-WIN-MINI-2025-A-M-03.jpg\" alt=\"A GPD Win Mini 2025 h&#xE1;ts&#xF3; n&#xE9;zete a levehet&#x151; L1 &#xE9;s L2 ravaszokkal, kiemelve a gyorskiold&#xF3; kialak&#xED;t&#xE1;st az egyszer&#x171; testreszabhat&#xF3;s&#xE1;g &#xE9;s a fokozott j&#xE1;t&#xE9;kergon&#xF3;mia &#xE9;rdek&#xE9;ben.\" class=\"wp-image-1263472\" srcset=\"https:\/\/gpdstore.net\/wp-content\/uploads\/2025\/01\/GPD-WIN-MINI-2025-A-M-03.jpg 600w, https:\/\/gpdstore.net\/wp-content\/uploads\/2025\/01\/GPD-WIN-MINI-2025-A-M-03-360x270.jpg 360w, https:\/\/gpdstore.net\/wp-content\/uploads\/2025\/01\/GPD-WIN-MINI-2025-A-M-03-441x331.jpg 441w, https:\/\/gpdstore.net\/wp-content\/uploads\/2025\/01\/GPD-WIN-MINI-2025-A-M-03-150x113.jpg 150w\" sizes=\"(max-width: 600px) 100vw, 600px\" \/><\/a><\/figure>\n\n\n\n<h3 class=\"wp-block-heading\"><strong><strong>Comb\u00f3k elsaj\u00e1t\u00edt\u00e1sa: Az L4\/R4 makr\u00f3 billenty\u0171k haszn\u00e1lata a WinControls eszk\u00f6zzel<\/strong><\/strong><\/h3>\n\n\n\n<p>A GPD WIN Mini 2025 tov\u00e1bbfejlesztett L2\/R2 ravaszok line\u00e1ris anal\u00f3g funkcionalit\u00e1ssal, p\u00e1ratlan pontoss\u00e1got \u00e9s \u00e9rz\u00e9kenys\u00e9get k\u00edn\u00e1lva. T\u00f6k\u00e9letesek a k\u00fcl\u00f6nb\u00f6z\u0151 intenzit\u00e1sok szimul\u00e1l\u00e1s\u00e1hoz, ezek a ravaszok olyan \u00e1rnyalt m\u0171veleteket tesznek lehet\u0151v\u00e9, mint a gyors\u00edt\u00e1s vagy a l\u00f6v\u00e9s, figyelemre m\u00e9lt\u00f3 pontoss\u00e1ggal. Ez a friss\u00edt\u00e9s a kor\u00e1bbi modellekre \u00e9p\u00fcl, m\u00e9g mag\u00e1val ragad\u00f3bb \u00e9s val\u00f3s\u00e1gh\u0171bb j\u00e1t\u00e9k\u00e9lm\u00e9nyt ny\u00fajtva. A tov\u00e1bbfejlesztett \u00e9rz\u00e9kenys\u00e9g\u00fckkel \u00e9s ergonomikus kialak\u00edt\u00e1sukkal az L2\/R2 ravaszok felemelik a j\u00e1t\u00e9k\u00e9lm\u00e9nyt, \u00e9s a GPD WIN Mini 2025-et a hordozhat\u00f3 j\u00e1t\u00e9kkonzolban precizit\u00e1st keres\u0151 j\u00e1t\u00e9kosok els\u0151 sz\u00e1m\u00fa v\u00e1laszt\u00e1s\u00e1nak tekintik.   <\/p>\n<\/div>\n<\/div>\n\n<div class=\"wp-block-columns is-layout-flex wp-container-core-columns-is-layout-28f84493 wp-block-columns-is-layout-flex\">\n<div class=\"wp-block-column is-layout-flow wp-block-column-is-layout-flow\" style=\"flex-basis:33.33%\">\n<figure class=\"wp-block-image size-full\"><a href=\"https:\/\/gpdstore.net\/wp-content\/uploads\/2025\/01\/GPD-WIN-MINI-2025-A-M-02-1024x1024-1.jpg\"><img loading=\"lazy\" decoding=\"async\" width=\"1024\" height=\"1024\" src=\"https:\/\/gpdstore.net\/wp-content\/uploads\/2025\/01\/GPD-WIN-MINI-2025-A-M-02-1024x1024-1.jpg\" alt=\"A GPD Win Mini 2025 teljes h&#xE1;tt&#xE9;rvil&#xE1;g&#xED;t&#xE1;s&#xFA; QWERTY billenty&#x171;zetet tartalmaz integr&#xE1;lt Xbox j&#xE1;t&#xE9;kvez&#xE9;rl&#x151;vel, Hall Effect joystickkal, L4\/R4 makr&#xF3; billenty&#x171;kkel &#xE9;s giroszk&#xF3;p funkci&#xF3;val. Tartalmazza a DTS:X surround hangz&#xE1;st, amely mag&#xE1;val ragad&#xF3; hang&#xE9;lm&#xE9;nyt ny&#xFA;jt a k&#xE9;zi j&#xE1;t&#xE9;khoz. \" class=\"wp-image-1263473\" srcset=\"https:\/\/gpdstore.net\/wp-content\/uploads\/2025\/01\/GPD-WIN-MINI-2025-A-M-02-1024x1024-1.jpg 1024w, https:\/\/gpdstore.net\/wp-content\/uploads\/2025\/01\/GPD-WIN-MINI-2025-A-M-02-1024x1024-1-600x600.jpg 600w, https:\/\/gpdstore.net\/wp-content\/uploads\/2025\/01\/GPD-WIN-MINI-2025-A-M-02-1024x1024-1-150x150.jpg 150w, https:\/\/gpdstore.net\/wp-content\/uploads\/2025\/01\/GPD-WIN-MINI-2025-A-M-02-1024x1024-1-768x768.jpg 768w, https:\/\/gpdstore.net\/wp-content\/uploads\/2025\/01\/GPD-WIN-MINI-2025-A-M-02-1024x1024-1-65x65.jpg 65w, https:\/\/gpdstore.net\/wp-content\/uploads\/2025\/01\/GPD-WIN-MINI-2025-A-M-02-1024x1024-1-360x360.jpg 360w, https:\/\/gpdstore.net\/wp-content\/uploads\/2025\/01\/GPD-WIN-MINI-2025-A-M-02-1024x1024-1-990x990.jpg 990w, https:\/\/gpdstore.net\/wp-content\/uploads\/2025\/01\/GPD-WIN-MINI-2025-A-M-02-1024x1024-1-441x441.jpg 441w, https:\/\/gpdstore.net\/wp-content\/uploads\/2025\/01\/GPD-WIN-MINI-2025-A-M-02-1024x1024-1-100x100.jpg 100w\" sizes=\"(max-width: 1024px) 100vw, 1024px\" \/><\/a><\/figure>\n<\/div>\n\n\n\n<div class=\"wp-block-column is-layout-flow wp-block-column-is-layout-flow\" style=\"flex-basis:66.66%\">\n<h3 class=\"wp-block-heading\"><strong>Forradalmas\u00edtott vez\u00e9rl\u0151k elrendez\u00e9se<\/strong><\/h3>\n\n\n\n<p>A GPD WIN Mini 2025 a felhaszn\u00e1l\u00f3i visszajelz\u00e9sek alapj\u00e1n \u00fajratervezett kezel\u0151szervek elrendez\u00e9s\u00e9t vezeti be, az eg\u00e9r \u00e9s a joystick kapcsol\u00f3 gombjait a bal oldalra helyezve a jobb el\u00e9rhet\u0151s\u00e9g \u00e9s a z\u00f6kken\u0151mentes vez\u00e9rl\u00e9sv\u00e1lt\u00e1s \u00e9rdek\u00e9ben. Ez a fejleszt\u00e9s z\u00f6kken\u0151mentesebb \u00e1tmenetet biztos\u00edt a j\u00e1t\u00e9k sor\u00e1n, lehet\u0151v\u00e9 t\u00e9ve a j\u00e1t\u00e9kosok sz\u00e1m\u00e1ra, hogy megszak\u00edt\u00e1sok n\u00e9lk\u00fcl, teljes m\u00e9rt\u00e9kben az akci\u00f3ra koncentr\u00e1lhassanak. <\/p>\n\n\n\n<h3 class=\"wp-block-heading\"><strong>Mag\u00e1val ragad\u00f3 hangh\u0171s\u00e9g: DTS:X Surround t\u00e1mogat\u00e1s: Integr\u00e1lt f\u00fcggetlen er\u0151s\u00edt\u0151 IC \u00e9s DTS:X Surround t\u00e1mogat\u00e1s<\/strong><\/h3>\n\n\n\n<p>A tov\u00e1bbfejlesztett kezel\u0151szervek mellett egy integr\u00e1lt, f\u00fcggetlen er\u0151s\u00edt\u0151 IC \u00e1ltal m\u0171k\u00f6dtetett, mag\u00e1val ragad\u00f3 hang\u00e9lm\u00e9nyt ny\u00fajt. Ez a friss\u00edt\u00e9s kiv\u00e1l\u00f3 hangh\u0171s\u00e9get biztos\u00edt, tiszt\u00e1bb \u00e9s gazdagabb hangz\u00e1st biztos\u00edt, ak\u00e1r j\u00e1t\u00e9k, filmn\u00e9z\u00e9s vagy zenehallgat\u00e1s k\u00f6zben. Ezek a fejleszt\u00e9sek egy\u00fcttesen a GPD WIN Mini 2025-\u00f6t a v\u00e9gs\u0151 hordozhat\u00f3 j\u00e1t\u00e9kmegold\u00e1ss\u00e1 emelik.  <\/p>\n<\/div>\n<\/div>\n\n<div class=\"wp-block-columns is-layout-flex wp-container-core-columns-is-layout-28f84493 wp-block-columns-is-layout-flex\">\n<div class=\"wp-block-column is-layout-flow wp-block-column-is-layout-flow\" style=\"flex-basis:66.66%\">\n<figure class=\"wp-block-image size-full\"><a href=\"https:\/\/gpdstore.net\/wp-content\/uploads\/2025\/01\/GPD-WIN-MINI-2025-A-HS-MERGE-01-833x1024-1.jpg\"><img loading=\"lazy\" decoding=\"async\" width=\"833\" height=\"1024\" src=\"https:\/\/gpdstore.net\/wp-content\/uploads\/2025\/01\/GPD-WIN-MINI-2025-A-HS-MERGE-01-833x1024-1.jpg\" alt=\"A GPD Win Mini 2025 r&#xE9;szletes &#xE1;ttekint&#xE9;se, kiemelve a Hall Effect joystickokat, a levehet&#x151; ravaszokat, a programozhat&#xF3; makr&#xF3; billenty&#x171;ket &#xE9;s a multi-touch touchpadet. Olyan b&#x151;v&#xED;t&#xE9;si lehet&#x151;s&#xE9;geket tartalmaz, mint a kagyl&#xF3;h&#xE9;j v&#xE9;d&#x151;tok, a markolatok &#xE9;s a GPD G1 eGPU dokkol&#xF3; (k&#xFC;l&#xF6;n megv&#xE1;s&#xE1;rolhat&#xF3;), amelyekkel teljes potenci&#xE1;lj&#xE1;t kiakn&#xE1;zhatja. \" class=\"wp-image-1263474\" srcset=\"https:\/\/gpdstore.net\/wp-content\/uploads\/2025\/01\/GPD-WIN-MINI-2025-A-HS-MERGE-01-833x1024-1.jpg 833w, https:\/\/gpdstore.net\/wp-content\/uploads\/2025\/01\/GPD-WIN-MINI-2025-A-HS-MERGE-01-833x1024-1-488x600.jpg 488w, https:\/\/gpdstore.net\/wp-content\/uploads\/2025\/01\/GPD-WIN-MINI-2025-A-HS-MERGE-01-833x1024-1-768x944.jpg 768w, https:\/\/gpdstore.net\/wp-content\/uploads\/2025\/01\/GPD-WIN-MINI-2025-A-HS-MERGE-01-833x1024-1-360x443.jpg 360w, https:\/\/gpdstore.net\/wp-content\/uploads\/2025\/01\/GPD-WIN-MINI-2025-A-HS-MERGE-01-833x1024-1-441x542.jpg 441w, https:\/\/gpdstore.net\/wp-content\/uploads\/2025\/01\/GPD-WIN-MINI-2025-A-HS-MERGE-01-833x1024-1-600x738.jpg 600w, https:\/\/gpdstore.net\/wp-content\/uploads\/2025\/01\/GPD-WIN-MINI-2025-A-HS-MERGE-01-833x1024-1-150x184.jpg 150w\" sizes=\"(max-width: 833px) 100vw, 833px\" \/><\/a><\/figure>\n<\/div>\n\n\n\n<div class=\"wp-block-column is-layout-flow wp-block-column-is-layout-flow\" style=\"flex-basis:33.33%\">\n<h3 class=\"wp-block-heading\"><strong>Gyorsan levehet\u0151 integr\u00e1lt markolat kialak\u00edt\u00e1sa<\/strong><\/h3>\n\n\n\n<p>A GPD WIN Mini 2025 gyorsan levehet\u0151 integr\u00e1lt markolattal rendelkezik, \u00edgy a felhaszn\u00e1l\u00f3k k\u00f6nnyed\u00e9n, szersz\u00e1mok n\u00e9lk\u00fcl testre szabhatj\u00e1k k\u00e9sz\u00fcl\u00e9k\u00fcket. Ez az innovat\u00edv kialak\u00edt\u00e1s z\u00f6kken\u0151mentes v\u00e1lt\u00e1st biztos\u00edt a markolatok k\u00f6z\u00f6tt, ak\u00e1r j\u00e1t\u00e9khoz, ak\u00e1r termel\u00e9kenys\u00e9ghez, p\u00e1ratlan k\u00e9nyelmet \u00e9s alkalmazkod\u00f3k\u00e9pess\u00e9get k\u00edn\u00e1lva. <\/p>\n\n\n\n<h3 class=\"wp-block-heading\"><strong>\u00dajratervezett csatlakoz\u00e1si portok elhelyez\u00e9se<\/strong><\/h3>\n\n\n\n<p>A jobb el\u00e9rhet\u0151s\u00e9g \u00e9s szervez\u00e9s \u00e9rdek\u00e9ben a k\u00fcls\u0151 kivezet\u00e9s az el\u00fcls\u0151 oldalra ker\u00fclt, ami k\u00f6nnyebb hozz\u00e1f\u00e9r\u00e9st \u00e9s kiv\u00e1l\u00f3 k\u00e1belkezel\u00e9st tesz lehet\u0151v\u00e9. Ez a be\u00e1ll\u00edt\u00e1s tiszt\u00e1bb, hat\u00e9konyabb telep\u00edt\u00e9st eredm\u00e9nyez, k\u00fcl\u00f6n\u00f6sen k\u00fcls\u0151 perif\u00e9ri\u00e1khoz vagy kijelz\u0151kh\u00f6z val\u00f3 csatlakoztat\u00e1skor. <\/p>\n\n\n\n<h3 class=\"wp-block-heading\"><strong>Friss\u00edtett t\u00e1rol\u00e1si t\u00e1mogat\u00e1s<\/strong><\/h3>\n\n\n\n<p>Emellett a k\u00e9sz\u00fcl\u00e9k mostant\u00f3l t\u00e1mogatja az M.2 2280 SSD-ket, ami jelent\u0151s javul\u00e1st jelent a t\u00e1rol\u00e1si teljes\u00edtm\u00e9nyben. Ez az \u00faj konfigur\u00e1ci\u00f3 gyorsabb adat\u00e1tviteli sebess\u00e9get \u00e9s megn\u00f6velt t\u00e1rol\u00f3kapacit\u00e1st biztos\u00edt, \u00edgy gyors bet\u00f6lt\u00e9si id\u0151t \u00e9s b\u0151s\u00e9ges helyet biztos\u00edt a j\u00e1t\u00e9kok, alkalmaz\u00e1sok \u00e9s f\u00e1jlok sz\u00e1m\u00e1ra.  <\/p>\n<\/div>\n<\/div>\n\n<hr class=\"wp-block-separator has-alpha-channel-opacity\"\/>\n\n<h2 class=\"wp-block-heading\"><strong>Felhaszn\u00e1l\u00f3i \u00e9lm\u00e9ny<\/strong><\/h2>\n\n<p>A GPD WIN Mini 2025 egyes\u00edti az intuit\u00edv vez\u00e9rl\u00e9st a kifinomult felhaszn\u00e1l\u00f3i fel\u00fclettel, kiv\u00e9teles \u00e9lm\u00e9nyt ny\u00fajtva a j\u00e1t\u00e9khoz \u00e9s a termel\u00e9kenys\u00e9ghez egyar\u00e1nt. Optimaliz\u00e1lt elrendez\u00e9se, bele\u00e9rtve az \u00fajrapoz\u00edcion\u00e1lt billenty\u0171ket \u00e9s az el\u00fcls\u0151 oldali kivezet\u00e9st, n\u00f6veli a k\u00e9nyelmet a hosszabb j\u00e1t\u00e9k- vagy munkamenetek sor\u00e1n. <a href=\"https:\/\/gpdstore.net\/hu\/product-attribute\/bluetooth\/5-3-hu\/\" target=\"_blank\" rel=\"noreferrer noopener\">A<\/a> <a href=\"https:\/\/gpdstore.net\/hu\/product-attribute\/wi-fi\/wi-fi-6e-hu\/\" target=\"_blank\" rel=\"noreferrer noopener\">Wi-Fi 6E -vel \u00e9s<\/a> Bluetooth 5.3-mal felszerelt k\u00e9sz\u00fcl\u00e9k gyors \u00e9s megb\u00edzhat\u00f3 csatlakoz\u00e1st biztos\u00edt az \u00f6sszes perif\u00e9ri\u00e1hoz , \u00edgy z\u00f6kken\u0151mentesen tarthatja a kapcsolatot, b\u00e1rhol is tart\u00f3zkodik.  <\/p>\n\n<hr class=\"wp-block-separator has-alpha-channel-opacity\"\/>\n\n<h2 class=\"wp-block-heading\"><strong>K\u00f6vetkeztet\u00e9s<\/strong><\/h2>\n\n<p>A GPD WIN Mini 2025 a hordozhat\u00f3s\u00e1g, a teljes\u00edtm\u00e9ny \u00e9s a legmodernebb funkci\u00f3k t\u00f6k\u00e9letes kever\u00e9ke, mindezt eleg\u00e1ns, kompakt kialak\u00edt\u00e1sban. Ak\u00e1r a leg\u00fajabb AAA-j\u00e1t\u00e9kokkal h\u00f3d\u00edtasz, ak\u00e1r a mindennapi feladatokkal foglalkozol, ez a k\u00e9zi j\u00e1t\u00e9k-PC minden szempontb\u00f3l kiemelked\u0151 teljes\u00edtm\u00e9nyt ny\u00fajt. Fogadja el a hordozhat\u00f3 j\u00e1t\u00e9k \u00e9s a termel\u00e9kenys\u00e9g j\u00f6v\u0151j\u00e9t &#8211; ne v\u00e1rjon a GPD WIN Mini 2025 megismer\u00e9s\u00e9vel. Biztos\u00edtsa a saj\u00e1tj\u00e1t m\u00e9g ma!!   <\/p>\n\n<p><\/p>\n","protected":false},"excerpt":{"rendered":"<ul>\n<li>AMD <strong>Ryzen\u2122 AI 9 HX 370<\/strong> \/ <strong>Ryzen\u2122 7 8840U<\/strong><\/li>\n<li>AMD Radeon <strong>890M<\/strong> \/ <strong>780M<\/strong> \/ 2900 \/ 2700 Mhz<\/li>\n<li>legfeljebb<strong> 64 GB LPDDR5X @ 7500 MT\/s<\/strong><\/li>\n<li>ak\u00e1r<strong> 4 TB<\/strong> -os <strong>nagysebess\u00e9g\u0171 PCI-E<\/strong> 4.0 NVMe SSD<\/li>\n<li>WiFi <strong>6E \u00e9s<\/strong> Bluetooth 5 <strong>.3 t\u00e1mogat\u00e1s<\/strong> <\/li>\n<\/ul>\n<p><img loading=\"lazy\" decoding=\"async\" class=\"alignnone size-full wp-image-3470\" src=\"https:\/\/gpdstore.net\/wp-content\/uploads\/2024\/03\/GPD-WIN-MINI-FREE-GIFTS-AUTO.jpg\" alt=\"Ingyenes GPD Win Mini tok\" width=\"2000\" height=\"500\" srcset=\"https:\/\/gpdstore.net\/wp-content\/uploads\/2024\/03\/GPD-WIN-MINI-FREE-GIFTS-AUTO.jpg 2000w, https:\/\/gpdstore.net\/wp-content\/uploads\/2024\/03\/GPD-WIN-MINI-FREE-GIFTS-AUTO-600x150.jpg 600w, https:\/\/gpdstore.net\/wp-content\/uploads\/2024\/03\/GPD-WIN-MINI-FREE-GIFTS-AUTO-1200x300.jpg 1200w, https:\/\/gpdstore.net\/wp-content\/uploads\/2024\/03\/GPD-WIN-MINI-FREE-GIFTS-AUTO-768x192.jpg 768w, https:\/\/gpdstore.net\/wp-content\/uploads\/2024\/03\/GPD-WIN-MINI-FREE-GIFTS-AUTO-1536x384.jpg 1536w, https:\/\/gpdstore.net\/wp-content\/uploads\/2024\/03\/GPD-WIN-MINI-FREE-GIFTS-AUTO-360x90.jpg 360w, https:\/\/gpdstore.net\/wp-content\/uploads\/2024\/03\/GPD-WIN-MINI-FREE-GIFTS-AUTO-990x248.jpg 990w, https:\/\/gpdstore.net\/wp-content\/uploads\/2024\/03\/GPD-WIN-MINI-FREE-GIFTS-AUTO-441x110.jpg 441w, https:\/\/gpdstore.net\/wp-content\/uploads\/2024\/03\/GPD-WIN-MINI-FREE-GIFTS-AUTO-150x38.jpg 150w\" sizes=\"(max-width: 2000px) 100vw, 2000px\" \/> <\/p>\n[cg_accordion title=\"FIZET\u00c9SI INFORM\u00c1CI\u00d3K\"]<\/p>\n<p>A leg\u00fajabb technol\u00f3gi\u00e1t haszn\u00e1ljuk a fizet\u00e9si folyamatok feldolgoz\u00e1s\u00e1ban, amely lehet\u0151v\u00e9 teszi, hogy a gyors \u00e9s biztons\u00e1gos fizet\u00e9s \u00e9rdek\u00e9ben bankk\u00e1rty\u00e1val\/hitelk\u00e1rty\u00e1val vagy PayPal-lal fizessen.[\/cg_accordion]\n[cg_accordion title=\"GARANCIA\"]<\/p>\n<p>2 \u00e9v garancia a <a href=\"https:\/\/droix.net\/\" target=\"_blank\" rel=\"nofollow noopener\">DROIX Global- t\u00f3l az \u00d6n nyugalma \u00e9rdek\u00e9ben<\/a> [\/cg_accordion]\n[cg_accordion title=\"MIN\u0150S\u00c9GBIZTOS\u00cdT\u00c1S \u00c9S SZ\u00c1LL\u00cdT\u00c1S EL\u0150TTI TESZTEL\u00c9S\"]<\/p>\n<p>A legmagasabb sz\u00ednvonal\u00fa \u00fcgyf\u00e9l-el\u00e9gedetts\u00e9g biztos\u00edt\u00e1sa: Minden k\u00e9sz\u00fcl\u00e9ket szigor\u00fa tesztel\u00e9snek \u00e9s t\u00f6bbpontos min\u0151s\u00e9gbiztos\u00edt\u00e1si ellen\u0151rz\u00e9snek vetnek al\u00e1, miel\u0151tt kisz\u00e1ll\u00edt\u00e1sra ker\u00fcl. Elk\u00f6telezett csapatunk ellen\u0151rzi a teljes\u00edtm\u00e9nyt, a funkcionalit\u00e1st \u00e9s az alkatr\u00e9szek \u00e9ps\u00e9g\u00e9t, hogy garant\u00e1ljuk, hogy a GPD k\u00e9sz\u00fcl\u00e9k meg\u00e9rkez\u00e9sekor t\u00f6k\u00e9letes m\u0171k\u00f6d\u00e9si \u00e1llapotban van, \u00edgy biztos\u00edtva \u00d6nnek a bizalmat \u00e9s a nyugalmat. [\/cg_accordion]\n[cg_accordion title=\"\u00c1RK\u00c9PZ\u00c9S, AD\u00d3K \u00c9S SZ\u00c1LL\u00cdT\u00c1S\"]<\/p>\n<p><strong><u>Megjegyz\u00e9s:<\/u><\/strong><\/p>\n<ul>\n<li>Egyes\u00fclt \u00c1llamok \u00dcgyfelek: A felt\u00fcntetett \u00e1r NEM tartalmazza az ad\u00f3t \u00e9s a v\u00e1mokat. A v\u00e1mkezel\u00e9s \u00e9s a kapcsol\u00f3d\u00f3 ad\u00f3k\/v\u00e1mok megfizet\u00e9se az \u00fcgyfelet terheli. <\/li>\n<li>EU-s \u00fcgyfelek: A felt\u00fcntetett \u00e1r tartalmazza az alkalmazand\u00f3 ad\u00f3t, amely az \u00d6n orsz\u00e1g\u00e1t\u00f3l f\u00fcgg\u0151en ak\u00e1r 25% is lehet.<\/li>\n<li>Kanadai \u00fcgyfelek: A felt\u00fcntetett \u00e1r tartalmazza az alkalmazand\u00f3 ad\u00f3kat, amelyek az \u00d6n tartom\u00e1ny\u00e1t\u00f3l f\u00fcgg\u0151en tartalmazhatj\u00e1k az 5%-os GST-t \u00e9s tov\u00e1bbi tartom\u00e1nyi forgalmi ad\u00f3kat (PST), harmoniz\u00e1lt forgalmi ad\u00f3t (HST) vagy qu\u00e9beci forgalmi ad\u00f3t (QST).<\/li>\n<\/ul>\n<p>USA-beli \u00fcgyfeleink sz\u00e1m\u00e1ra: DAP (Delivered At Place). B\u00e1r az \u00fcgyfelek felel\u0151sek az alkalmazand\u00f3 tarif\u00e1k megfizet\u00e9s\u00e9\u00e9rt, mi az Egyes\u00fclt Kir\u00e1lys\u00e1gb\u00f3l t\u00f6rt\u00e9n\u0151 sz\u00e1ll\u00edt\u00e1sban szerzett sz\u00e9lesk\u00f6r\u0171 tapasztalatainkra t\u00e1maszkodva biztos\u00edtjuk, hogy a lehet\u0151 legkevesebb d\u00edjat kelljen fizetnie. Nyilv\u00e1ntart\u00e1sunk alapj\u00e1n ezek a d\u00edjak \u00e1ltal\u00e1ban nem haladj\u00e1k meg a term\u00e9k \u00e9rt\u00e9k\u00e9nek 10%-\u00e1t.  <\/p>\n<p><strong>CSAK EU-s \u00fcgyfelek sz\u00e1m\u00e1ra:<\/strong> Express DDP (Delivered Duty Paid). Ez azt jelenti: <\/p>\n<ul>\n<li>A term\u00e9koldalon felt\u00fcntetett \u00e1r tartalmazza az \u00f6sszes v\u00e1mot \u00e9s ad\u00f3t.<\/li>\n<li>A k\u00e9zbes\u00edt\u00e9skor nem kell tov\u00e1bbi d\u00edjakat fizetnie.<\/li>\n<li>Abban a ritka esetben, ha a v\u00e1mkezel\u00e9ssel kapcsolatos probl\u00e9m\u00e1k mer\u00fclnek fel, csapatunk az \u00d6n nev\u00e9ben elv\u00e9gzi a v\u00e1mkezel\u00e9si folyamatot, hogy biztos\u00edtsa a z\u00f6kken\u0151mentes sz\u00e1ll\u00edt\u00e1st.<\/li>\n<p>Fontos inform\u00e1ci\u00f3k a visszak\u00fcld\u00e9sr\u0151l:<\/p>\n<li>Ha \u00fagy d\u00f6nt, hogy visszak\u00fcldi megrendel\u00e9s\u00e9t vagy visszat\u00e9r\u00edt\u00e9st k\u00e9r, k\u00e9rj\u00fck, vegye figyelembe, hogy az \u00d6n nev\u00e9ben a DDP felt\u00e9telei szerint kifizetett ad\u00f3k \u00e9s v\u00e1mok nem t\u00e9r\u00edthet\u0151k vissza.<\/li>\n<p>R\u00e9szletes <a href=\"https:\/\/droix.net\/terms-and-conditions\/\" target=\"_blank\" rel=\"nofollow noopener\">inform\u00e1ci\u00f3k\u00e9rt k\u00e9rj\u00fck, olvassa el a Felhaszn\u00e1l\u00e1si Felt\u00e9teleinket<\/a>.\n<\/ul>\n<p>[\/cg_accordion]\n[cg_accordion title=\"\u00dcGYF\u00c9LSZOLG\u00c1LAT\"]<\/p>\n<p>K\u00e9rd\u00e9se van? Egy r\u00f6vid sz\u00f6veges \u00fczenetben m\u00e1ris megoldjuk a probl\u00e9m\u00e1j\u00e1t! <\/p>\n<p>R\u00e9szletes <a href=\"https:\/\/gpdstore.net\/hu\/terms-of-service\/\" target=\"_blank\" rel=\"nofollow noopener\">inform\u00e1ci\u00f3k\u00e9rt k\u00e9rj\u00fck, olvassa el a Felhaszn\u00e1l\u00e1si Felt\u00e9teleinket<\/a>.\n<\/ul>\n<p>[\/cg_accordion]\n[cg_accordion title=\"MIT TARTALMAZ\"]<\/p>\n<ul>\n<li>1x GPD WIN Mini 2025<\/li>\n<li>1x USB-C k\u00e1bel<\/li>\n<li>1x h\u00e1l\u00f3zati csatlakoz\u00f3<\/li>\n<li>1x Felhaszn\u00e1l\u00f3i k\u00e9zik\u00f6nyv<\/li>\n<\/ul>\n<p>[\/cg_accordion]\n","protected":false},"featured_media":1067350,"template":"","meta":{"_acf_changed":false},"product_brand":[],"product_cat":[6532,6687],"product_tag":[],"woo-feed-brand":[5662],"class_list":{"0":"post-1063315","1":"product","2":"type-product","3":"status-publish","4":"has-post-thumbnail","6":"product_cat-gpd-kezi-pc-jatekhoz","7":"product_cat-gpd-mini-laptopok","8":"product_shipping_class-premium","9":"pa_bluetooth-5-3-hu","10":"pa_brand-gpd","11":"pa_display-type-ltps-hu","12":"pa_graphics-gpu-model-ryzen-7-8840u-radeon-780m-hu","13":"pa_graphics-gpu-model-ryzen-ai-9-hx-370-radeon-890m-hu","14":"pa_i-o-video-1x-usb-3-2-gen-2-type-c-tipusu-usb-3-2-gen-2-n-keresztul","15":"pa_i-o-video-1x-usb-4-0-type-c-dp-n-keresztul-8k60hz","16":"pa_memory-ram-capacity-16gb-hu","17":"pa_memory-ram-capacity-32gb-hu","18":"pa_processor-cpu-model-ryzen-7-8840u","19":"pa_processor-cpu-model-ryzen-ai-9-hx-370","20":"pa_storage-capacity-1tb-hu","21":"pa_storage-capacity-2tb-hu","22":"pa_storage-capacity-4tb-hu","23":"pa_storage-technology-pcie-gen-4-hu","24":"pa_wi-fi-wi-fi-6e-hu","25":"woo-feed-brand-gpd-hu","27":"first","28":"instock","29":"taxable","30":"shipping-taxable","31":"purchasable","32":"product-type-variable","33":"has-default-attributes"},"acf":[],"aioseo_notices":[],"_links":{"self":[{"href":"https:\/\/gpdstore.net\/hu\/wp-json\/wp\/v2\/product\/1063315","targetHints":{"allow":["GET"]}}],"collection":[{"href":"https:\/\/gpdstore.net\/hu\/wp-json\/wp\/v2\/product"}],"about":[{"href":"https:\/\/gpdstore.net\/hu\/wp-json\/wp\/v2\/types\/product"}],"wp:featuredmedia":[{"embeddable":true,"href":"https:\/\/gpdstore.net\/hu\/wp-json\/wp\/v2\/media\/1067350"}],"wp:attachment":[{"href":"https:\/\/gpdstore.net\/hu\/wp-json\/wp\/v2\/media?parent=1063315"}],"wp:term":[{"taxonomy":"product_brand","embeddable":true,"href":"https:\/\/gpdstore.net\/hu\/wp-json\/wp\/v2\/product_brand?post=1063315"},{"taxonomy":"product_cat","embeddable":true,"href":"https:\/\/gpdstore.net\/hu\/wp-json\/wp\/v2\/product_cat?post=1063315"},{"taxonomy":"product_tag","embeddable":true,"href":"https:\/\/gpdstore.net\/hu\/wp-json\/wp\/v2\/product_tag?post=1063315"},{"taxonomy":"woo-feed-brand","embeddable":true,"href":"https:\/\/gpdstore.net\/hu\/wp-json\/wp\/v2\/woo-feed-brand?post=1063315"}],"curies":[{"name":"wp","href":"https:\/\/api.w.org\/{rel}","templated":true}]}}